{"id":66,"date":"2019-12-15T20:05:47","date_gmt":"2019-12-15T20:05:47","guid":{"rendered":"http:\/\/stamm-sma.de\/?page_id=66"},"modified":"2020-02-20T16:41:54","modified_gmt":"2020-02-20T16:41:54","slug":"foerderkreis","status":"publish","type":"page","link":"http:\/\/stamm-sma.de\/?page_id=66","title":{"rendered":"Der F\u00f6rderkreis &#8211; &#8222;Ohne Moos nix los!&#8220;"},"content":{"rendered":"<p>Unsere Stammesarbeit unterst\u00fctzt der &#8222;Pfadfinderf\u00f6rderkreis Achental&#8220; (PFA). Einerseits finanziell, andererseits mit tatkr\u00e4ftiger Unterst\u00fctzung bei Lagern, Aktionen, Festen, Arbeiten am Foxbau und noch vielem mehr!<\/p>\n<h3>Interessiert?<\/h3>\n<p>Wir freuen uns \u00fcber jede Form der Unterst\u00fctzung, sei es finanzieller Form oder durch tatkr\u00e4ftige Mithilfe. Kommen Sie gerne auf uns zu unter info@stamm-sma.de !<\/p>\n<p><a href=\"http:\/\/stamm-sma.de\/wp-content\/uploads\/2020\/02\/Flyer_Pfadfinder-F\u00f6rderkreis-Achental.pdf\">Flyer Pfadfinder F\u00f6rderkreis Achental<\/a><\/p>\n<p><a href=\"http:\/\/stamm-sma.de\/wp-content\/uploads\/2020\/02\/Aufnahmeantrag-Pfadfinder-F\u00f6rderverein-Achental.pdf\">Aufnahmeantrag Pfadfinder F\u00f6rderkreis Achental<\/a><\/p>\n","protected":false},"excerpt":{"rendered":"<p>Unsere Stammesarbeit unterst\u00fctzt der &#8222;Pfadfinderf\u00f6rderkreis Achental&#8220; (PFA). Einerseits finanziell, andererseits mit tatkr\u00e4ftiger Unterst\u00fctzung bei Lagern, Aktionen, Festen, Arbeiten am Foxbau und noch vielem mehr! Interessiert? Wir freuen uns \u00fcber jede Form der Unterst\u00fctzung, sei es finanzieller Form oder durch tatkr\u00e4ftige Mithilfe. Kommen Sie gerne auf uns zu unter info@stamm-sma.de ! Flyer Pfadfinder F\u00f6rderkreis Achental Aufnahmeantrag [&hellip;]<\/p>\n","protected":false},"author":1,"featured_media":0,"parent":0,"menu_order":0,"comment_status":"closed","ping_status":"closed","template":"","meta":{"ngg_post_thumbnail":0},"_links":{"self":[{"href":"http:\/\/stamm-sma.de\/index.php?rest_route=\/wp\/v2\/pages\/66"}],"collection":[{"href":"http:\/\/stamm-sma.de\/index.php?rest_route=\/wp\/v2\/pages"}],"about":[{"href":"http:\/\/stamm-sma.de\/index.php?rest_route=\/wp\/v2\/types\/page"}],"author":[{"embeddable":true,"href":"http:\/\/stamm-sma.de\/index.php?rest_route=\/wp\/v2\/users\/1"}],"replies":[{"embeddable":true,"href":"http:\/\/stamm-sma.de\/index.php?rest_route=%2Fwp%2Fv2%2Fcomments&post=66"}],"version-history":[{"count":4,"href":"http:\/\/stamm-sma.de\/index.php?rest_route=\/wp\/v2\/pages\/66\/revisions"}],"predecessor-version":[{"id":273,"href":"http:\/\/stamm-sma.de\/index.php?rest_route=\/wp\/v2\/pages\/66\/revisions\/273"}],"wp:attachment":[{"href":"http:\/\/stamm-sma.de\/index.php?rest_route=%2Fwp%2Fv2%2Fmedia&parent=66"}],"curies":[{"name":"wp","href":"https:\/\/api.w.org\/{rel}","templated":true}]}}